{"id":8118,"date":"2024-06-20T23:44:21","date_gmt":"2024-06-21T04:44:21","guid":{"rendered":"https:\/\/lamajamina.com\/?page_id=8118"},"modified":"2026-04-13T21:34:16","modified_gmt":"2026-04-14T02:34:16","slug":"publicaciones","status":"publish","type":"page","link":"https:\/\/lamajamina.com\/index.php\/publicaciones\/","title":{"rendered":"Publicaciones"},"content":{"rendered":"\t\t<div data-elementor-type=\"wp-page\" data-elementor-id=\"8118\" class=\"elementor elementor-8118\" data-elementor-post-type=\"page\">\n\t\t\t\t<div class=\"elementor-element elementor-element-d3d18b7 e-flex e-con-boxed e-con e-parent\" data-id=\"d3d18b7\" data-element_type=\"container\" data-core-v316-plus=\"true\">\n\t\t\t\t\t<div class=\"e-con-inner\">\n\t\t\t\t<div class=\"elementor-element elementor-element-6e3009c elementor-widget elementor-widget-qi_addons_for_elementor_premium_content_menu\" data-id=\"6e3009c\" data-element_type=\"widget\" data-widget_type=\"qi_addons_for_elementor_premium_content_menu.default\">\n\t\t\t\t<div class=\"elementor-widget-container\">\n\t\t\t<div class=\"qodef-shortcode qodef-m  qodef-qi-content-menu qodef-layout--horizontal qodef-menu-item-style--default      qodef-alignment--left   \">\n\t\t<nav class=\"qodef-content-menu\"><ul id=\"menu-la-maja\" class=\"menu\"><li class=\"menu-item menu-item-type-post_type menu-item-object-page menu-item-home menu-item-8139\"><a href=\"https:\/\/lamajamina.com\/\"><span class=\"qodef-m-text\">La Maja Mina<\/span><\/a><\/li>\n<li class=\"menu-item menu-item-type-post_type menu-item-object-page menu-item-7996\"><a href=\"https:\/\/lamajamina.com\/index.php\/about-us\/\"><span class=\"qodef-m-text\">Encuentros Vicheros<\/span><\/a><\/li>\n<li class=\"menu-item menu-item-type-post_type menu-item-object-page menu-item-8140\"><a href=\"https:\/\/lamajamina.com\/index.php\/publicaciones\/\"><span class=\"qodef-m-text\">Publicaciones<\/span><\/a><\/li>\n<li class=\"menu-item menu-item-type-post_type menu-item-object-page menu-item-8093\"><a href=\"https:\/\/lamajamina.com\/index.php\/viche-la-siempre-viva\/\"><span class=\"qodef-m-text\">Viche La Siempre Viva<\/span><\/a><\/li>\n<\/ul><\/nav><\/div>\n\t\t<\/div>\n\t\t\t\t<\/div>\n\t\t<div class=\"elementor-element elementor-element-02374d7 e-flex e-con-boxed e-con e-child\" data-id=\"02374d7\" data-element_type=\"container\">\n\t\t\t\t\t<div class=\"e-con-inner\">\n\t\t\t\t<div class=\"elementor-element elementor-element-7f2b782 elementor-widget elementor-widget-qi_addons_for_elementor_animated_text\" data-id=\"7f2b782\" data-element_type=\"widget\" data-widget_type=\"qi_addons_for_elementor_animated_text.default\">\n\t\t\t\t<div class=\"elementor-widget-container\">\n\t\t\t<div class=\"qodef-shortcode qodef-m  qodef-qi-animated-text  qodef--alignment-left qodef-qi--has-appear qodef--appear-from-bottom\" >\n\t\t<h2 class=\"qodef-m-title\">\n\t\tPublicaciones\t<\/h2>\n<\/div>\n\t\t<\/div>\n\t\t\t\t<\/div>\n\t\t\t\t\t<\/div>\n\t\t\t\t<\/div>\n\t\t\t\t\t<\/div>\n\t\t\t\t<\/div>\n\t\t<div class=\"elementor-element elementor-element-46c62c2 e-flex e-con-boxed e-con e-parent\" data-id=\"46c62c2\" data-element_type=\"container\" data-core-v316-plus=\"true\">\n\t\t\t\t\t<div class=\"e-con-inner\">\n\t\t\t\t<div class=\"elementor-element elementor-element-62ab3ab elementor-widget elementor-widget-qi_addons_for_elementor_dual_image_with_content\" data-id=\"62ab3ab\" data-element_type=\"widget\" data-widget_type=\"qi_addons_for_elementor_dual_image_with_content.default\">\n\t\t\t\t<div class=\"elementor-widget-container\">\n\t\t\t<div class=\"qodef-shortcode qodef-m  qodef-qi-dual-image-with-content qodef--content-right qodef-decoration--italic qodef-link--underline-draw qodef-qi--has-appear \">\n\t<div class=\"qodef-dual-content\">\n\t\t<div class=\"qodef-m-inner-content\">\n\t\t\t\t<h2 class=\"qodef-m-title\">\n\t\tPo\u00e9ticas Espirituosas\t<\/h2>\n\t\t\t\t<p class=\"qodef-m-text\">Cosmos Ediciones\n\nSegunda edic\u00f3n 2025\n<br><br>\nEste poemario est\u00e1 dedicado a las ancestras; las comadres, sabedoras, curanderas, las mayoras, como mi abuela Elo\u00edsa Reyes Riascos vichera, partera y sabedora oriunda de San Juan de Mechengue en el Norte del Cauca, que han curado y conjurado el viche desde siempre, aquellas que aprendieron a escuchar y a hablar con las plantas mientras curan la vida. Un viche pensado y sentido, escrito desde el Oriente de Cali que busca abrir los caminos de la entendedera como dicen las mayoras para pensar, reconocer y resignificar el viche no como una bebida alcoh\u00f3lica si no como una bebida espiritual y curativa que guarda en su elemento una po\u00e9tica propia la cual habla sobre las distintas formas que tienen los pueblos negros de escribirse, narrarse y cantarse a s\u00ed mismos, una po\u00e9tica que se vive y habita a trav\u00e9s de una experiencia sensorial y etnogr\u00e1fica que utiliza al cuerpo como ruta, veh\u00edculo y medio de conexi\u00f3n entendida como parte de una tecnolog\u00eda ancestral que permite la construcci\u00f3n colectiva del conocimiento, el comadreo y la juntanza.\n<\/p>\n\t\t<\/div>\n\t\t<div class=\"qodef-m-inner-bottom\">\n\t\t\t\t\t<\/div>\n\t<\/div>\n\t<div class=\"qodef-image-holder\">\n\t\t<div class=\"qodef-m-main-image\">\n\t<img decoding=\"async\" width=\"150\" height=\"150\" src=\"https:\/\/lamajamina.com\/wp-content\/uploads\/2024\/06\/cuadrado-amarillo-150x150.png\" class=\"attachment-thumbnail size-thumbnail\" alt=\"\" srcset=\"https:\/\/lamajamina.com\/wp-content\/uploads\/2024\/06\/cuadrado-amarillo-150x150.png 150w, https:\/\/lamajamina.com\/wp-content\/uploads\/2024\/06\/cuadrado-amarillo-650x650.png 650w, https:\/\/lamajamina.com\/wp-content\/uploads\/2024\/06\/cuadrado-amarillo-300x300.png 300w, https:\/\/lamajamina.com\/wp-content\/uploads\/2024\/06\/cuadrado-amarillo-100x100.png 100w\" sizes=\"(max-width: 150px) 100vw, 150px\" \/><\/div>\n\t\t<div class=\"qodef-m-second-image\">\n\t<img fetchpriority=\"high\" decoding=\"async\" width=\"1654\" height=\"2552\" src=\"https:\/\/lamajamina.com\/wp-content\/uploads\/2026\/04\/Mesa-de-trabajo-45.jpg\" class=\"attachment-full size-full\" alt=\"\" srcset=\"https:\/\/lamajamina.com\/wp-content\/uploads\/2026\/04\/Mesa-de-trabajo-45.jpg 1654w, https:\/\/lamajamina.com\/wp-content\/uploads\/2026\/04\/Mesa-de-trabajo-45-194x300.jpg 194w, https:\/\/lamajamina.com\/wp-content\/uploads\/2026\/04\/Mesa-de-trabajo-45-664x1024.jpg 664w, https:\/\/lamajamina.com\/wp-content\/uploads\/2026\/04\/Mesa-de-trabajo-45-768x1185.jpg 768w, https:\/\/lamajamina.com\/wp-content\/uploads\/2026\/04\/Mesa-de-trabajo-45-996x1536.jpg 996w, https:\/\/lamajamina.com\/wp-content\/uploads\/2026\/04\/Mesa-de-trabajo-45-1327x2048.jpg 1327w, https:\/\/lamajamina.com\/wp-content\/uploads\/2026\/04\/Mesa-de-trabajo-45-600x926.jpg 600w\" sizes=\"(max-width: 1654px) 100vw, 1654px\" \/><\/div>\n\t<\/div>\n<\/div>\n\t\t<\/div>\n\t\t\t\t<\/div>\n\t\t\t\t<div class=\"elementor-element elementor-element-3c9e4ee elementor-widget elementor-widget-qi_addons_for_elementor_image_slider\" data-id=\"3c9e4ee\" data-element_type=\"widget\" data-widget_type=\"qi_addons_for_elementor_image_slider.default\">\n\t\t\t\t<div class=\"elementor-widget-container\">\n\t\t\t<div class=\"qodef-shortcode qodef-m  qodef-qi-image-slider qodef-qi-fslightbox-popup qodef-popup-gallery qodef-image--hover-zoom   qodef-col-num--3 qodef-qi-grid qodef-qi-swiper-container  qodef-navigation--inside  qodef-pagination--inside    qodef-navigation--hover-move\" data-options=\"{&quot;direction&quot;:&quot;horizontal&quot;,&quot;slidesPerView&quot;:&quot;3&quot;,&quot;spaceBetween&quot;:25,&quot;spaceBetweenTablet&quot;:30,&quot;spaceBetweenMobile&quot;:30,&quot;effect&quot;:&quot;&quot;,&quot;loop&quot;:true,&quot;autoplay&quot;:true,&quot;centeredSlides&quot;:false,&quot;speed&quot;:&quot;&quot;,&quot;speedAnimation&quot;:&quot;&quot;,&quot;outsideNavigation&quot;:&quot;no&quot;,&quot;outsidePagination&quot;:&quot;no&quot;,&quot;unique&quot;:6,&quot;partialValue&quot;:0,&quot;disablePartialValue&quot;:&quot;&quot;}\">\n\t<div class=\"swiper-wrapper\">\n\t\t\n<div class=\"qodef-e swiper-slide\">\n\t<div class=\"qodef-e-inner\">\n\t\t<div class=\"qodef-e-inner-holder\">\n\t\t\t\t\t\t\t<a class=\"qodef-popup-item\" itemprop=\"image\" href=\"https:\/\/lamajamina.com\/wp-content\/uploads\/2024\/06\/IMG_6687.jpg\" data-type=\"image\" data-fslightbox=\"gallery-6\">\n\t\t\t\t\t\t\t<img decoding=\"async\" width=\"718\" height=\"874\" src=\"https:\/\/lamajamina.com\/wp-content\/uploads\/2024\/06\/IMG_6687.jpg\" class=\"attachment-full size-full\" alt=\"\" srcset=\"https:\/\/lamajamina.com\/wp-content\/uploads\/2024\/06\/IMG_6687.jpg 718w, https:\/\/lamajamina.com\/wp-content\/uploads\/2024\/06\/IMG_6687-246x300.jpg 246w, https:\/\/lamajamina.com\/wp-content\/uploads\/2024\/06\/IMG_6687-600x730.jpg 600w\" sizes=\"(max-width: 718px) 100vw, 718px\" \/>\t\t\t\t\t\t\t<\/a>\n\t\t\t\t\t<\/div>\n\t<\/div>\n\t<\/div>\n\n<div class=\"qodef-e swiper-slide\">\n\t<div class=\"qodef-e-inner\">\n\t\t<div class=\"qodef-e-inner-holder\">\n\t\t\t\t\t\t\t<a class=\"qodef-popup-item\" itemprop=\"image\" href=\"https:\/\/lamajamina.com\/wp-content\/uploads\/2024\/06\/IMG_6688.jpg\" data-type=\"image\" data-fslightbox=\"gallery-6\">\n\t\t\t\t\t\t\t<img loading=\"lazy\" decoding=\"async\" width=\"1169\" height=\"868\" src=\"https:\/\/lamajamina.com\/wp-content\/uploads\/2024\/06\/IMG_6688.jpg\" class=\"attachment-full size-full\" alt=\"\" srcset=\"https:\/\/lamajamina.com\/wp-content\/uploads\/2024\/06\/IMG_6688.jpg 1169w, https:\/\/lamajamina.com\/wp-content\/uploads\/2024\/06\/IMG_6688-300x223.jpg 300w, https:\/\/lamajamina.com\/wp-content\/uploads\/2024\/06\/IMG_6688-1024x760.jpg 1024w, https:\/\/lamajamina.com\/wp-content\/uploads\/2024\/06\/IMG_6688-768x570.jpg 768w, https:\/\/lamajamina.com\/wp-content\/uploads\/2024\/06\/IMG_6688-600x446.jpg 600w\" sizes=\"(max-width: 1169px) 100vw, 1169px\" \/>\t\t\t\t\t\t\t<\/a>\n\t\t\t\t\t<\/div>\n\t<\/div>\n\t<\/div>\n\n<div class=\"qodef-e swiper-slide\">\n\t<div class=\"qodef-e-inner\">\n\t\t<div class=\"qodef-e-inner-holder\">\n\t\t\t\t\t\t\t<a class=\"qodef-popup-item\" itemprop=\"image\" href=\"https:\/\/lamajamina.com\/wp-content\/uploads\/2024\/06\/IMG_6689.jpg\" data-type=\"image\" data-fslightbox=\"gallery-6\">\n\t\t\t\t\t\t\t<img loading=\"lazy\" decoding=\"async\" width=\"715\" height=\"874\" src=\"https:\/\/lamajamina.com\/wp-content\/uploads\/2024\/06\/IMG_6689.jpg\" class=\"attachment-full size-full\" alt=\"\" srcset=\"https:\/\/lamajamina.com\/wp-content\/uploads\/2024\/06\/IMG_6689.jpg 715w, https:\/\/lamajamina.com\/wp-content\/uploads\/2024\/06\/IMG_6689-245x300.jpg 245w, https:\/\/lamajamina.com\/wp-content\/uploads\/2024\/06\/IMG_6689-600x733.jpg 600w\" sizes=\"(max-width: 715px) 100vw, 715px\" \/>\t\t\t\t\t\t\t<\/a>\n\t\t\t\t\t<\/div>\n\t<\/div>\n\t<\/div>\n\n<div class=\"qodef-e swiper-slide\">\n\t<div class=\"qodef-e-inner\">\n\t\t<div class=\"qodef-e-inner-holder\">\n\t\t\t\t\t\t\t<a class=\"qodef-popup-item\" itemprop=\"image\" href=\"https:\/\/lamajamina.com\/wp-content\/uploads\/2024\/06\/IMG_6691.jpg\" data-type=\"image\" data-fslightbox=\"gallery-6\">\n\t\t\t\t\t\t\t<img loading=\"lazy\" decoding=\"async\" width=\"708\" height=\"874\" src=\"https:\/\/lamajamina.com\/wp-content\/uploads\/2024\/06\/IMG_6691.jpg\" class=\"attachment-full size-full\" alt=\"\" srcset=\"https:\/\/lamajamina.com\/wp-content\/uploads\/2024\/06\/IMG_6691.jpg 708w, https:\/\/lamajamina.com\/wp-content\/uploads\/2024\/06\/IMG_6691-243x300.jpg 243w, https:\/\/lamajamina.com\/wp-content\/uploads\/2024\/06\/IMG_6691-600x741.jpg 600w\" sizes=\"(max-width: 708px) 100vw, 708px\" \/>\t\t\t\t\t\t\t<\/a>\n\t\t\t\t\t<\/div>\n\t<\/div>\n\t<\/div>\n\n<div class=\"qodef-e swiper-slide\">\n\t<div class=\"qodef-e-inner\">\n\t\t<div class=\"qodef-e-inner-holder\">\n\t\t\t\t\t\t\t<a class=\"qodef-popup-item\" itemprop=\"image\" href=\"https:\/\/lamajamina.com\/wp-content\/uploads\/2026\/04\/Viche.png\" data-type=\"image\" data-fslightbox=\"gallery-6\">\n\t\t\t\t\t\t\t<img loading=\"lazy\" decoding=\"async\" width=\"2953\" height=\"4134\" src=\"https:\/\/lamajamina.com\/wp-content\/uploads\/2026\/04\/Viche.png\" class=\"attachment-full size-full\" alt=\"\" srcset=\"https:\/\/lamajamina.com\/wp-content\/uploads\/2026\/04\/Viche.png 2953w, https:\/\/lamajamina.com\/wp-content\/uploads\/2026\/04\/Viche-214x300.png 214w, https:\/\/lamajamina.com\/wp-content\/uploads\/2026\/04\/Viche-731x1024.png 731w, https:\/\/lamajamina.com\/wp-content\/uploads\/2026\/04\/Viche-768x1075.png 768w, https:\/\/lamajamina.com\/wp-content\/uploads\/2026\/04\/Viche-1097x1536.png 1097w, https:\/\/lamajamina.com\/wp-content\/uploads\/2026\/04\/Viche-1463x2048.png 1463w, https:\/\/lamajamina.com\/wp-content\/uploads\/2026\/04\/Viche-600x840.png 600w\" sizes=\"(max-width: 2953px) 100vw, 2953px\" \/>\t\t\t\t\t\t\t<\/a>\n\t\t\t\t\t<\/div>\n\t<\/div>\n\t<\/div>\n\t<\/div>\n\t\t<div class=\"swiper-button-prev\"><svg class=\"qodef-swiper-arrow-left\" xmlns=\"http:\/\/www.w3.org\/2000\/svg\" xmlns:xlink=\"http:\/\/www.w3.org\/1999\/xlink\" x=\"0px\" y=\"0px\" viewBox=\"0 0 34.2 32.3\" xml:space=\"preserve\" style=\"stroke-width: 2;\"><line x1=\"0.5\" y1=\"16\" x2=\"33.5\" y2=\"16\"\/><line x1=\"0.3\" y1=\"16.5\" x2=\"16.2\" y2=\"0.7\"\/><line x1=\"0\" y1=\"15.4\" x2=\"16.2\" y2=\"31.6\"\/><\/svg><\/div>\n\t<div class=\"swiper-button-next\"><svg class=\"qodef-swiper-arrow-right\" xmlns=\"http:\/\/www.w3.org\/2000\/svg\" xmlns:xlink=\"http:\/\/www.w3.org\/1999\/xlink\" x=\"0px\" y=\"0px\" viewBox=\"0 0 34.2 32.3\" xml:space=\"preserve\" style=\"stroke-width: 2;\"><line x1=\"0\" y1=\"16\" x2=\"33\" y2=\"16\"\/><line x1=\"17.3\" y1=\"0.7\" x2=\"33.2\" y2=\"16.5\"\/><line x1=\"17.3\" y1=\"31.6\" x2=\"33.5\" y2=\"15.4\"\/><\/svg><\/div>\n\t<div class=\"swiper-pagination\"><\/div>\n<\/div>\n\t\t<\/div>\n\t\t\t\t<\/div>\n\t\t\t\t\t<\/div>\n\t\t\t\t<\/div>\n\t\t<div class=\"elementor-element elementor-element-2d5caf2 e-flex e-con-boxed e-con e-parent\" data-id=\"2d5caf2\" data-element_type=\"container\" data-core-v316-plus=\"true\">\n\t\t\t\t\t<div class=\"e-con-inner\">\n\t\t\t\t<div class=\"elementor-element elementor-element-a43ad29 elementor-widget elementor-widget-qi_addons_for_elementor_dual_image_with_content\" data-id=\"a43ad29\" data-element_type=\"widget\" data-widget_type=\"qi_addons_for_elementor_dual_image_with_content.default\">\n\t\t\t\t<div class=\"elementor-widget-container\">\n\t\t\t<div class=\"qodef-shortcode qodef-m  qodef-qi-dual-image-with-content qodef--content-left qodef-decoration--italic qodef-link--underline-draw qodef-qi--has-appear \">\n\t<div class=\"qodef-dual-content\">\n\t\t<div class=\"qodef-m-inner-content\">\n\t\t\t\t<h2 class=\"qodef-m-title\">\n\t\tCimarronas del Verbo (2022)\t<\/h2>\n\t\t\t\t<p class=\"qodef-m-text\">\u201cCimarronas del Verbo \u201cJuntanza Po\u00e9tica\u201d es un libro en el que las voces de diecis\u00e9is narradoras, cantadoras y poetas de la Negritud se hicieron escuchar para perpetuarse, a trav\u00e9s de la escritura en esta singular juntanza poetica, que le canta a la vida, al amor, al dolor, a la Prietitud y al territorio.  (El bando Creativo 2022)\n<\/p>\n\t\t<\/div>\n\t\t<div class=\"qodef-m-inner-bottom\">\n\t\t\t\t\t<\/div>\n\t<\/div>\n\t<div class=\"qodef-image-holder\">\n\t\t<div class=\"qodef-m-main-image\">\n\t<img decoding=\"async\" width=\"150\" height=\"150\" src=\"https:\/\/lamajamina.com\/wp-content\/uploads\/2024\/06\/cuadrado-amarillo-150x150.png\" class=\"attachment-thumbnail size-thumbnail\" alt=\"\" srcset=\"https:\/\/lamajamina.com\/wp-content\/uploads\/2024\/06\/cuadrado-amarillo-150x150.png 150w, https:\/\/lamajamina.com\/wp-content\/uploads\/2024\/06\/cuadrado-amarillo-650x650.png 650w, https:\/\/lamajamina.com\/wp-content\/uploads\/2024\/06\/cuadrado-amarillo-300x300.png 300w, https:\/\/lamajamina.com\/wp-content\/uploads\/2024\/06\/cuadrado-amarillo-100x100.png 100w\" sizes=\"(max-width: 150px) 100vw, 150px\" \/><\/div>\n\t\t<div class=\"qodef-m-second-image\">\n\t<img loading=\"lazy\" decoding=\"async\" width=\"316\" height=\"445\" src=\"https:\/\/lamajamina.com\/wp-content\/uploads\/2024\/06\/lol.webp\" class=\"attachment-full size-full\" alt=\"\" srcset=\"https:\/\/lamajamina.com\/wp-content\/uploads\/2024\/06\/lol.webp 316w, https:\/\/lamajamina.com\/wp-content\/uploads\/2024\/06\/lol-213x300.webp 213w\" sizes=\"(max-width: 316px) 100vw, 316px\" \/><\/div>\n\t<\/div>\n<\/div>\n\t\t<\/div>\n\t\t\t\t<\/div>\n\t\t\t\t\t<\/div>\n\t\t\t\t<\/div>\n\t\t<div class=\"elementor-element elementor-element-53767b1 e-flex e-con-boxed e-con e-parent\" data-id=\"53767b1\" data-element_type=\"container\" data-core-v316-plus=\"true\">\n\t\t\t\t\t<div class=\"e-con-inner\">\n\t\t\t\t<div class=\"elementor-element elementor-element-cb20e86 elementor-widget elementor-widget-qi_addons_for_elementor_dual_image_with_content\" data-id=\"cb20e86\" data-element_type=\"widget\" data-widget_type=\"qi_addons_for_elementor_dual_image_with_content.default\">\n\t\t\t\t<div class=\"elementor-widget-container\">\n\t\t\t<div class=\"qodef-shortcode qodef-m  qodef-qi-dual-image-with-content qodef--content-right qodef-decoration--italic qodef-link--underline-draw qodef-qi--has-appear \">\n\t<div class=\"qodef-dual-content\">\n\t\t<div class=\"qodef-m-inner-content\">\n\t\t\t\t<h2 class=\"qodef-m-title\">\n\t\tCucuruchando En La Memoria (2021)\t<\/h2>\n\t\t\t\t<p class=\"qodef-m-text\">\u201cCucuruchando En La Memoria\u201d es un libro de Reconstrucci\u00f3n colectiva de la oralidad de mujeres negras del Pac\u00edfico, en el que se compilaron relatos, recuerdos y vivencias de nuestras regiones, escritos en prosa y versos porque la ritma fluye espontaneamente. (AMAFROCOL y El Bando Creativo 2021)<\/p>\n\t\t<\/div>\n\t\t<div class=\"qodef-m-inner-bottom\">\n\t\t\t\t\t<\/div>\n\t<\/div>\n\t<div class=\"qodef-image-holder\">\n\t\t<div class=\"qodef-m-main-image\">\n\t<img decoding=\"async\" width=\"150\" height=\"150\" src=\"https:\/\/lamajamina.com\/wp-content\/uploads\/2024\/06\/cuadrado-amarillo-150x150.png\" class=\"attachment-thumbnail size-thumbnail\" alt=\"\" srcset=\"https:\/\/lamajamina.com\/wp-content\/uploads\/2024\/06\/cuadrado-amarillo-150x150.png 150w, https:\/\/lamajamina.com\/wp-content\/uploads\/2024\/06\/cuadrado-amarillo-650x650.png 650w, https:\/\/lamajamina.com\/wp-content\/uploads\/2024\/06\/cuadrado-amarillo-300x300.png 300w, https:\/\/lamajamina.com\/wp-content\/uploads\/2024\/06\/cuadrado-amarillo-100x100.png 100w\" sizes=\"(max-width: 150px) 100vw, 150px\" \/><\/div>\n\t\t<div class=\"qodef-m-second-image\">\n\t<img loading=\"lazy\" decoding=\"async\" width=\"316\" height=\"445\" src=\"https:\/\/lamajamina.com\/wp-content\/uploads\/2024\/06\/WhatsApp-Image-2021-02-20-at-12_23_25.webp\" class=\"attachment-full size-full\" alt=\"\" srcset=\"https:\/\/lamajamina.com\/wp-content\/uploads\/2024\/06\/WhatsApp-Image-2021-02-20-at-12_23_25.webp 316w, https:\/\/lamajamina.com\/wp-content\/uploads\/2024\/06\/WhatsApp-Image-2021-02-20-at-12_23_25-213x300.webp 213w\" sizes=\"(max-width: 316px) 100vw, 316px\" \/><\/div>\n\t<\/div>\n<\/div>\n\t\t<\/div>\n\t\t\t\t<\/div>\n\t\t\t\t\t<\/div>\n\t\t\t\t<\/div>\n\t\t<div class=\"elementor-element elementor-element-7f2ec12 e-flex e-con-boxed e-con e-parent\" data-id=\"7f2ec12\" data-element_type=\"container\" data-core-v316-plus=\"true\">\n\t\t\t\t\t<div class=\"e-con-inner\">\n\t\t\t\t<div class=\"elementor-element elementor-element-0c756d8 elementor-widget elementor-widget-qi_addons_for_elementor_dual_image_with_content\" data-id=\"0c756d8\" data-element_type=\"widget\" data-widget_type=\"qi_addons_for_elementor_dual_image_with_content.default\">\n\t\t\t\t<div class=\"elementor-widget-container\">\n\t\t\t<div class=\"qodef-shortcode qodef-m  qodef-qi-dual-image-with-content qodef--content-left qodef-decoration--italic qodef-link--underline-draw qodef-qi--has-appear \">\n\t<div class=\"qodef-dual-content\">\n\t\t<div class=\"qodef-m-inner-content\">\n\t\t\t\t<h2 class=\"qodef-m-title\">\n\t\tUrdimbres Antolog\u00eda de Mujeres del Pacifico (2021)\t<\/h2>\n\t\t\t\t<p class=\"qodef-m-text\">Urdimbres Antolog\u00eda de Mujeres del Pacifico armoniza las m\u00faltiples voces que narran para sanar, con el objetivo de circular y reconocer las letras propias de mujeres del Pac\u00edfico colombiano. (Editorial Imagio 2021)<\/p>\n\t\t<\/div>\n\t\t<div class=\"qodef-m-inner-bottom\">\n\t\t\t\t\t<\/div>\n\t<\/div>\n\t<div class=\"qodef-image-holder\">\n\t\t<div class=\"qodef-m-main-image\">\n\t<img decoding=\"async\" width=\"150\" height=\"150\" src=\"https:\/\/lamajamina.com\/wp-content\/uploads\/2024\/06\/cuadrado-amarillo-150x150.png\" class=\"attachment-thumbnail size-thumbnail\" alt=\"\" srcset=\"https:\/\/lamajamina.com\/wp-content\/uploads\/2024\/06\/cuadrado-amarillo-150x150.png 150w, https:\/\/lamajamina.com\/wp-content\/uploads\/2024\/06\/cuadrado-amarillo-650x650.png 650w, https:\/\/lamajamina.com\/wp-content\/uploads\/2024\/06\/cuadrado-amarillo-300x300.png 300w, https:\/\/lamajamina.com\/wp-content\/uploads\/2024\/06\/cuadrado-amarillo-100x100.png 100w\" sizes=\"(max-width: 150px) 100vw, 150px\" \/><\/div>\n\t\t<div class=\"qodef-m-second-image\">\n\t<img loading=\"lazy\" decoding=\"async\" width=\"316\" height=\"445\" src=\"https:\/\/lamajamina.com\/wp-content\/uploads\/2024\/06\/URDIMBRES-PDF-1.webp\" class=\"attachment-full size-full\" alt=\"\" srcset=\"https:\/\/lamajamina.com\/wp-content\/uploads\/2024\/06\/URDIMBRES-PDF-1.webp 316w, https:\/\/lamajamina.com\/wp-content\/uploads\/2024\/06\/URDIMBRES-PDF-1-213x300.webp 213w\" sizes=\"(max-width: 316px) 100vw, 316px\" \/><\/div>\n\t<\/div>\n<\/div>\n\t\t<\/div>\n\t\t\t\t<\/div>\n\t\t\t\t\t<\/div>\n\t\t\t\t<\/div>\n\t\t<div class=\"elementor-element elementor-element-5c4cef7 e-flex e-con-boxed e-con e-parent\" data-id=\"5c4cef7\" data-element_type=\"container\" data-core-v316-plus=\"true\">\n\t\t\t\t\t<div class=\"e-con-inner\">\n\t\t\t\t<div class=\"elementor-element elementor-element-6e2753f elementor-widget elementor-widget-qi_addons_for_elementor_dual_image_with_content\" data-id=\"6e2753f\" data-element_type=\"widget\" data-widget_type=\"qi_addons_for_elementor_dual_image_with_content.default\">\n\t\t\t\t<div class=\"elementor-widget-container\">\n\t\t\t<div class=\"qodef-shortcode qodef-m  qodef-qi-dual-image-with-content qodef--content-right qodef-decoration--italic qodef-link--underline-draw qodef-qi--has-appear \">\n\t<div class=\"qodef-dual-content\">\n\t\t<div class=\"qodef-m-inner-content\">\n\t\t\t\t<h2 class=\"qodef-m-title\">\n\t\tCon Los Pelos de Punta (2020)\t<\/h2>\n\t\t\t\t<p class=\"qodef-m-text\">\u201cCon los pelos de Punta\u201d es un libro de creaci\u00f3n colectiva sobre historias de racializaci\u00f3n y discriminaci\u00f3n basada en su fenotipo de hombres y mujeres negros en Colombia (Amafrocol 2020) publicado por la Asociacion de Mujeres Afrocolombianas AMAFROCOL\n<\/p>\n\t\t<\/div>\n\t\t<div class=\"qodef-m-inner-bottom\">\n\t\t\t\t\t<\/div>\n\t<\/div>\n\t<div class=\"qodef-image-holder\">\n\t\t<div class=\"qodef-m-main-image\">\n\t<img decoding=\"async\" width=\"150\" height=\"150\" src=\"https:\/\/lamajamina.com\/wp-content\/uploads\/2024\/06\/cuadrado-amarillo-150x150.png\" class=\"attachment-thumbnail size-thumbnail\" alt=\"\" srcset=\"https:\/\/lamajamina.com\/wp-content\/uploads\/2024\/06\/cuadrado-amarillo-150x150.png 150w, https:\/\/lamajamina.com\/wp-content\/uploads\/2024\/06\/cuadrado-amarillo-650x650.png 650w, https:\/\/lamajamina.com\/wp-content\/uploads\/2024\/06\/cuadrado-amarillo-300x300.png 300w, https:\/\/lamajamina.com\/wp-content\/uploads\/2024\/06\/cuadrado-amarillo-100x100.png 100w\" sizes=\"(max-width: 150px) 100vw, 150px\" \/><\/div>\n\t\t<div class=\"qodef-m-second-image\">\n\t<img loading=\"lazy\" decoding=\"async\" width=\"316\" height=\"445\" src=\"https:\/\/lamajamina.com\/wp-content\/uploads\/2024\/06\/asas.webp\" class=\"attachment-full size-full\" alt=\"\" srcset=\"https:\/\/lamajamina.com\/wp-content\/uploads\/2024\/06\/asas.webp 316w, https:\/\/lamajamina.com\/wp-content\/uploads\/2024\/06\/asas-213x300.webp 213w\" sizes=\"(max-width: 316px) 100vw, 316px\" \/><\/div>\n\t<\/div>\n<\/div>\n\t\t<\/div>\n\t\t\t\t<\/div>\n\t\t\t\t\t<\/div>\n\t\t\t\t<\/div>\n\t\t\t\t<\/div>\n\t\t","protected":false},"excerpt":{"rendered":"<p>La Maja Mina Encuentros Vicheros Publicaciones Viche La Siempre Viva Publicaciones Po\u00e9ticas Espirituosas Cosmos Ediciones Segunda edic\u00f3n 2025 Este poemario est\u00e1 dedicado a las ancestras; las comadres, sabedoras, curanderas, las mayoras, como mi abuela Elo\u00edsa Reyes Riascos vichera, partera y sabedora oriunda de San Juan de Mechengue en el Norte del Cauca, que han curado [&hellip;]<\/p>\n","protected":false},"author":1,"featured_media":0,"parent":0,"menu_order":0,"comment_status":"closed","ping_status":"closed","template":"","meta":{"footnotes":""},"_links":{"self":[{"href":"https:\/\/lamajamina.com\/index.php\/wp-json\/wp\/v2\/pages\/8118"}],"collection":[{"href":"https:\/\/lamajamina.com\/index.php\/wp-json\/wp\/v2\/pages"}],"about":[{"href":"https:\/\/lamajamina.com\/index.php\/wp-json\/wp\/v2\/types\/page"}],"author":[{"embeddable":true,"href":"https:\/\/lamajamina.com\/index.php\/wp-json\/wp\/v2\/users\/1"}],"replies":[{"embeddable":true,"href":"https:\/\/lamajamina.com\/index.php\/wp-json\/wp\/v2\/comments?post=8118"}],"version-history":[{"count":16,"href":"https:\/\/lamajamina.com\/index.php\/wp-json\/wp\/v2\/pages\/8118\/revisions"}],"predecessor-version":[{"id":8184,"href":"https:\/\/lamajamina.com\/index.php\/wp-json\/wp\/v2\/pages\/8118\/revisions\/8184"}],"wp:attachment":[{"href":"https:\/\/lamajamina.com\/index.php\/wp-json\/wp\/v2\/media?parent=8118"}],"curies":[{"name":"wp","href":"https:\/\/api.w.org\/{rel}","templated":true}]}}